{"id":6290,"date":"2024-09-06T19:27:36","date_gmt":"2024-09-06T17:27:36","guid":{"rendered":"http:\/\/staging.altrama.authenticamalficoast.it\/?post_type=amalfi_event&#038;p=6290"},"modified":"2024-09-06T19:27:49","modified_gmt":"2024-09-06T17:27:49","slug":"calata-della-stella-natale-2022-a-atrani","status":"publish","type":"amalfi_event","link":"https:\/\/authenticamalficoast.it\/en\/event\/calata-della-stella-natale-2022-a-atrani\/","title":{"rendered":"Calata della Stella, Natale 2022 a Atrani (en)"},"content":{"rendered":"\r\n<p style=\"margin-left: 0px; text-align: left;\">Lo spettacolo che meglio di qualsiasi altro racconta la magia del Natale in Costiera Amalfitana: la <strong>calata della stella<\/strong> dal Monte Aureo di <a href=\"https:\/\/authenticamalficoast.it\/destination\/atrani\/\" target=\"_blank\" rel=\"noopener noreferrer\">Atrani<\/a>, salutata dallo spettacolo pirotecnico di Senatore Fireworks.<\/p>\r\n\r\n<figure class=\"image image-style-side image_resized\" style=\"width: 38.83%;\"><img decoding=\"async\" class=\"alignleft\" src=\"https:\/\/aac.demo.altrama.com\/storage\/images\/1184\/Atrani-Calata-della-Stella-2022.jpeg\" alt=\"Atrani Calata della Stella 2022\" \/><\/figure>\r\n\r\n<p style=\"margin-left: 0px;\">Allo scoccare della mezzanotte del 24 dicembre 2022, le mille luci colorate del borgo presepe si sono spente per accompagnare la discesa della cometa di bengala fino al terrazzo panoramico della Collegiata di Santa Maria Maddalena; un&#8217;emozione intensa, giunta alla <strong>142esima edizione<\/strong>, che va ad amplificare la magia di una notte gi\u00e0 ricca di significati.<\/p>\r\n\r\n\r\n\r\n<p style=\"margin-left: 0px;\">L&#8217;appuntamento del 2022, il primo dopo il buio degli ultimi due anni, si colora di una luce particolare. Atrani vuole, attraverso il suo evento pi\u00f9 sentito, illuminare di speranza questo Natale per quanti soffrono gli orrori della guerra, in qualsiasi parte del mondo; per tutti coloro che vivono difficolt\u00e0 personali, sociali ed economiche rese ancora pi\u00f9 drammatiche dalla pandemia; e per tutta la cittadinanza, affinch\u00e9 conservi sempre saldi i principi che fondano ogni comunit\u00e0: partecipazione, solidariet\u00e0, crescita condivisa.<\/p>\r\n\r\n\r\n\r\n<p style=\"margin-left: 0px;\">La calata della stella rappresenta un pezzo della storia e della tradizione di Atrani, un evento che non pu\u00f2 assolutamente mancare nel panorama natalizio. Una tradizione che riesce a mettere insieme passato e presente, unendo folklore, religiosit\u00e0 popolare e memoria storica in una combinazione che non perde mai il suo fascino.<\/p>\r\n\r\n\r\n\r\n<p style=\"margin-left: 0px;\">Credits: <a href=\"https:\/\/www.ilvescovado.it\/it\/eventi-e-spettacoli-38\/dopo-due-anni-di-stop-ad-atrani-torna-la-tradizio-112746\/article\" target=\"_blank\" rel=\"noopener noreferrer\">Il Vescovado<\/a>, 23 dicembre 2022<\/p>\r\n","protected":false},"excerpt":{"rendered":"<p>Lo spettacolo che meglio di qualsiasi altro racconta la magia del Natale in Costiera Amalfitana: la calata della stella dal Monte Aureo di Atrani, salutata dallo spettacolo pirotecnico di Senatore Fireworks. Allo scoccare della mezzanotte del 24 dicembre 2022, le mille luci colorate del borgo presepe si sono spente per accompagnare la discesa della cometa [&hellip;]<\/p>\n","protected":false},"author":20,"featured_media":5597,"template":"","amalfi_type":[],"amalfi_location":[],"class_list":["post-6290","amalfi_event","type-amalfi_event","status-publish","has-post-thumbnail","hentry"],"acf":[],"yoast_head":"<!-- This site is optimized with the Yoast SEO plugin v27.0 - https:\/\/yoast.com\/product\/yoast-seo-wordpress\/ -->\n<title>Calata della Stella, Natale 2022 a Atrani (en) - Authentic Amalfi Coast<\/title>\n<meta name=\"robots\" content=\"index, follow, max-snippet:-1, max-image-preview:large, max-video-preview:-1\" \/>\n<link rel=\"canonical\" href=\"https:\/\/authenticamalficoast.it\/event\/natale-a-atrani\/\" \/>\n<meta property=\"og:locale\" content=\"en_US\" \/>\n<meta property=\"og:type\" content=\"article\" \/>\n<meta property=\"og:title\" content=\"Calata della Stella, Natale 2022 a Atrani (en) - Authentic Amalfi Coast\" \/>\n<meta property=\"og:description\" content=\"Lo spettacolo che meglio di qualsiasi altro racconta la magia del Natale in Costiera Amalfitana: la calata della stella dal Monte Aureo di Atrani, salutata dallo spettacolo pirotecnico di Senatore Fireworks. Allo scoccare della mezzanotte del 24 dicembre 2022, le mille luci colorate del borgo presepe si sono spente per accompagnare la discesa della cometa [&hellip;]\" \/>\n<meta property=\"og:url\" content=\"https:\/\/authenticamalficoast.it\/event\/natale-a-atrani\/\" \/>\n<meta property=\"og:site_name\" content=\"Authentic Amalfi Coast\" \/>\n<meta property=\"article:publisher\" content=\"https:\/\/www.facebook.com\/authenticamalficoast\" \/>\n<meta property=\"article:modified_time\" content=\"2024-09-06T17:27:49+00:00\" \/>\n<meta property=\"og:image\" content=\"https:\/\/authenticamalficoast.it\/wp-content\/uploads\/2023\/05\/Atrani-Calata-della-Stella-2022_.jpeg\" \/>\n\t<meta property=\"og:image:width\" content=\"1280\" \/>\n\t<meta property=\"og:image:height\" content=\"853\" \/>\n\t<meta property=\"og:image:type\" content=\"image\/jpeg\" \/>\n<meta name=\"twitter:card\" content=\"summary_large_image\" \/>\n<meta name=\"twitter:site\" content=\"@AuthenticAmalfi\" \/>\n<meta name=\"twitter:label1\" content=\"Est. reading time\" \/>\n\t<meta name=\"twitter:data1\" content=\"2 minutes\" \/>\n<script type=\"application\/ld+json\" class=\"yoast-schema-graph\">{\"@context\":\"https:\/\/schema.org\",\"@graph\":[{\"@type\":\"WebPage\",\"@id\":\"https:\/\/authenticamalficoast.it\/event\/natale-a-atrani\/\",\"url\":\"https:\/\/authenticamalficoast.it\/event\/natale-a-atrani\/\",\"name\":\"Calata della Stella, Natale 2022 a Atrani (en) - Authentic Amalfi Coast\",\"isPartOf\":{\"@id\":\"https:\/\/authenticamalficoast.it\/#website\"},\"primaryImageOfPage\":{\"@id\":\"https:\/\/authenticamalficoast.it\/event\/natale-a-atrani\/#primaryimage\"},\"image\":{\"@id\":\"https:\/\/authenticamalficoast.it\/event\/natale-a-atrani\/#primaryimage\"},\"thumbnailUrl\":\"https:\/\/authenticamalficoast.it\/wp-content\/uploads\/2023\/05\/Atrani-Calata-della-Stella-2022_.jpeg\",\"datePublished\":\"2024-09-06T17:27:36+00:00\",\"dateModified\":\"2024-09-06T17:27:49+00:00\",\"breadcrumb\":{\"@id\":\"https:\/\/authenticamalficoast.it\/event\/natale-a-atrani\/#breadcrumb\"},\"inLanguage\":\"en-US\",\"potentialAction\":[{\"@type\":\"ReadAction\",\"target\":[\"https:\/\/authenticamalficoast.it\/event\/natale-a-atrani\/\"]}]},{\"@type\":\"ImageObject\",\"inLanguage\":\"en-US\",\"@id\":\"https:\/\/authenticamalficoast.it\/event\/natale-a-atrani\/#primaryimage\",\"url\":\"https:\/\/authenticamalficoast.it\/wp-content\/uploads\/2023\/05\/Atrani-Calata-della-Stella-2022_.jpeg\",\"contentUrl\":\"https:\/\/authenticamalficoast.it\/wp-content\/uploads\/2023\/05\/Atrani-Calata-della-Stella-2022_.jpeg\",\"width\":1280,\"height\":853,\"caption\":\"Photo Michele Abbagnara\"},{\"@type\":\"BreadcrumbList\",\"@id\":\"https:\/\/authenticamalficoast.it\/event\/natale-a-atrani\/#breadcrumb\",\"itemListElement\":[{\"@type\":\"ListItem\",\"position\":1,\"name\":\"Home\",\"item\":\"https:\/\/authenticamalficoast.it\/en\/\"},{\"@type\":\"ListItem\",\"position\":2,\"name\":\"Events\",\"item\":\"https:\/\/authenticamalficoast.it\/en\/gli-eventi\/\"},{\"@type\":\"ListItem\",\"position\":3,\"name\":\"Calata della Stella, Natale 2022 a Atrani (en)\"}]},{\"@type\":\"WebSite\",\"@id\":\"https:\/\/authenticamalficoast.it\/#website\",\"url\":\"https:\/\/authenticamalficoast.it\/\",\"name\":\"Authentic Amalfi Coast\",\"description\":\"Raccontiamo i luoghi, le storie e molto altro della Costa d&#039;Amalfi\",\"publisher\":{\"@id\":\"https:\/\/authenticamalficoast.it\/#organization\"},\"potentialAction\":[{\"@type\":\"SearchAction\",\"target\":{\"@type\":\"EntryPoint\",\"urlTemplate\":\"https:\/\/authenticamalficoast.it\/?s={search_term_string}\"},\"query-input\":{\"@type\":\"PropertyValueSpecification\",\"valueRequired\":true,\"valueName\":\"search_term_string\"}}],\"inLanguage\":\"en-US\"},{\"@type\":\"Organization\",\"@id\":\"https:\/\/authenticamalficoast.it\/#organization\",\"name\":\"Authentic Amalfi Coast\",\"url\":\"https:\/\/authenticamalficoast.it\/\",\"logo\":{\"@type\":\"ImageObject\",\"inLanguage\":\"en-US\",\"@id\":\"https:\/\/authenticamalficoast.it\/#\/schema\/logo\/image\/\",\"url\":\"https:\/\/authenticamalficoast.it\/wp-content\/uploads\/2023\/02\/AUTHENTIC_AMALFI_COAST-Logo.png\",\"contentUrl\":\"https:\/\/authenticamalficoast.it\/wp-content\/uploads\/2023\/02\/AUTHENTIC_AMALFI_COAST-Logo.png\",\"width\":2366,\"height\":798,\"caption\":\"Authentic Amalfi Coast\"},\"image\":{\"@id\":\"https:\/\/authenticamalficoast.it\/#\/schema\/logo\/image\/\"},\"sameAs\":[\"https:\/\/www.facebook.com\/authenticamalficoast\",\"https:\/\/x.com\/AuthenticAmalfi\",\"https:\/\/www.youtube.com\/@authenticamalficoast7453\",\"https:\/\/www.instagram.com\/authenticamalficoast\/\"]}]}<\/script>\n<!-- \/ Yoast SEO plugin. -->","yoast_head_json":{"title":"Calata della Stella, Natale 2022 a Atrani (en) - Authentic Amalfi Coast","robots":{"index":"index","follow":"follow","max-snippet":"max-snippet:-1","max-image-preview":"max-image-preview:large","max-video-preview":"max-video-preview:-1"},"canonical":"https:\/\/authenticamalficoast.it\/event\/natale-a-atrani\/","og_locale":"en_US","og_type":"article","og_title":"Calata della Stella, Natale 2022 a Atrani (en) - Authentic Amalfi Coast","og_description":"Lo spettacolo che meglio di qualsiasi altro racconta la magia del Natale in Costiera Amalfitana: la calata della stella dal Monte Aureo di Atrani, salutata dallo spettacolo pirotecnico di Senatore Fireworks. Allo scoccare della mezzanotte del 24 dicembre 2022, le mille luci colorate del borgo presepe si sono spente per accompagnare la discesa della cometa [&hellip;]","og_url":"https:\/\/authenticamalficoast.it\/event\/natale-a-atrani\/","og_site_name":"Authentic Amalfi Coast","article_publisher":"https:\/\/www.facebook.com\/authenticamalficoast","article_modified_time":"2024-09-06T17:27:49+00:00","og_image":[{"width":1280,"height":853,"url":"https:\/\/authenticamalficoast.it\/wp-content\/uploads\/2023\/05\/Atrani-Calata-della-Stella-2022_.jpeg","type":"image\/jpeg"}],"twitter_card":"summary_large_image","twitter_site":"@AuthenticAmalfi","twitter_misc":{"Est. reading time":"2 minutes"},"schema":{"@context":"https:\/\/schema.org","@graph":[{"@type":"WebPage","@id":"https:\/\/authenticamalficoast.it\/event\/natale-a-atrani\/","url":"https:\/\/authenticamalficoast.it\/event\/natale-a-atrani\/","name":"Calata della Stella, Natale 2022 a Atrani (en) - Authentic Amalfi Coast","isPartOf":{"@id":"https:\/\/authenticamalficoast.it\/#website"},"primaryImageOfPage":{"@id":"https:\/\/authenticamalficoast.it\/event\/natale-a-atrani\/#primaryimage"},"image":{"@id":"https:\/\/authenticamalficoast.it\/event\/natale-a-atrani\/#primaryimage"},"thumbnailUrl":"https:\/\/authenticamalficoast.it\/wp-content\/uploads\/2023\/05\/Atrani-Calata-della-Stella-2022_.jpeg","datePublished":"2024-09-06T17:27:36+00:00","dateModified":"2024-09-06T17:27:49+00:00","breadcrumb":{"@id":"https:\/\/authenticamalficoast.it\/event\/natale-a-atrani\/#breadcrumb"},"inLanguage":"en-US","potentialAction":[{"@type":"ReadAction","target":["https:\/\/authenticamalficoast.it\/event\/natale-a-atrani\/"]}]},{"@type":"ImageObject","inLanguage":"en-US","@id":"https:\/\/authenticamalficoast.it\/event\/natale-a-atrani\/#primaryimage","url":"https:\/\/authenticamalficoast.it\/wp-content\/uploads\/2023\/05\/Atrani-Calata-della-Stella-2022_.jpeg","contentUrl":"https:\/\/authenticamalficoast.it\/wp-content\/uploads\/2023\/05\/Atrani-Calata-della-Stella-2022_.jpeg","width":1280,"height":853,"caption":"Photo Michele Abbagnara"},{"@type":"BreadcrumbList","@id":"https:\/\/authenticamalficoast.it\/event\/natale-a-atrani\/#breadcrumb","itemListElement":[{"@type":"ListItem","position":1,"name":"Home","item":"https:\/\/authenticamalficoast.it\/en\/"},{"@type":"ListItem","position":2,"name":"Events","item":"https:\/\/authenticamalficoast.it\/en\/gli-eventi\/"},{"@type":"ListItem","position":3,"name":"Calata della Stella, Natale 2022 a Atrani (en)"}]},{"@type":"WebSite","@id":"https:\/\/authenticamalficoast.it\/#website","url":"https:\/\/authenticamalficoast.it\/","name":"Authentic Amalfi Coast","description":"Raccontiamo i luoghi, le storie e molto altro della Costa d&#039;Amalfi","publisher":{"@id":"https:\/\/authenticamalficoast.it\/#organization"},"potentialAction":[{"@type":"SearchAction","target":{"@type":"EntryPoint","urlTemplate":"https:\/\/authenticamalficoast.it\/?s={search_term_string}"},"query-input":{"@type":"PropertyValueSpecification","valueRequired":true,"valueName":"search_term_string"}}],"inLanguage":"en-US"},{"@type":"Organization","@id":"https:\/\/authenticamalficoast.it\/#organization","name":"Authentic Amalfi Coast","url":"https:\/\/authenticamalficoast.it\/","logo":{"@type":"ImageObject","inLanguage":"en-US","@id":"https:\/\/authenticamalficoast.it\/#\/schema\/logo\/image\/","url":"https:\/\/authenticamalficoast.it\/wp-content\/uploads\/2023\/02\/AUTHENTIC_AMALFI_COAST-Logo.png","contentUrl":"https:\/\/authenticamalficoast.it\/wp-content\/uploads\/2023\/02\/AUTHENTIC_AMALFI_COAST-Logo.png","width":2366,"height":798,"caption":"Authentic Amalfi Coast"},"image":{"@id":"https:\/\/authenticamalficoast.it\/#\/schema\/logo\/image\/"},"sameAs":["https:\/\/www.facebook.com\/authenticamalficoast","https:\/\/x.com\/AuthenticAmalfi","https:\/\/www.youtube.com\/@authenticamalficoast7453","https:\/\/www.instagram.com\/authenticamalficoast\/"]}]}},"_links":{"self":[{"href":"https:\/\/authenticamalficoast.it\/en\/wp-json\/wp\/v2\/amalfi_event\/6290","targetHints":{"allow":["GET"]}}],"collection":[{"href":"https:\/\/authenticamalficoast.it\/en\/wp-json\/wp\/v2\/amalfi_event"}],"about":[{"href":"https:\/\/authenticamalficoast.it\/en\/wp-json\/wp\/v2\/types\/amalfi_event"}],"author":[{"embeddable":true,"href":"https:\/\/authenticamalficoast.it\/en\/wp-json\/wp\/v2\/users\/20"}],"version-history":[{"count":2,"href":"https:\/\/authenticamalficoast.it\/en\/wp-json\/wp\/v2\/amalfi_event\/6290\/revisions"}],"predecessor-version":[{"id":6292,"href":"https:\/\/authenticamalficoast.it\/en\/wp-json\/wp\/v2\/amalfi_event\/6290\/revisions\/6292"}],"wp:featuredmedia":[{"embeddable":true,"href":"https:\/\/authenticamalficoast.it\/en\/wp-json\/wp\/v2\/media\/5597"}],"wp:attachment":[{"href":"https:\/\/authenticamalficoast.it\/en\/wp-json\/wp\/v2\/media?parent=6290"}],"wp:term":[{"taxonomy":"amalfi_type","embeddable":true,"href":"https:\/\/authenticamalficoast.it\/en\/wp-json\/wp\/v2\/amalfi_type?post=6290"},{"taxonomy":"amalfi_location","embeddable":true,"href":"https:\/\/authenticamalficoast.it\/en\/wp-json\/wp\/v2\/amalfi_location?post=6290"}],"curies":[{"name":"wp","href":"https:\/\/api.w.org\/{rel}","templated":true}]}}